{"id":216938,"date":"2026-03-15T21:40:21","date_gmt":"2026-03-16T00:40:21","guid":{"rendered":"https:\/\/capoeiradevalor.com\/?page_id=216938"},"modified":"2026-04-09T10:18:38","modified_gmt":"2026-04-09T13:18:38","slug":"entrepontos","status":"publish","type":"page","link":"https:\/\/capoeiradevalor.com\/index.php\/entrepontos\/","title":{"rendered":"Entre Pontos"},"content":{"rendered":"<p style=\"text-align: left;\"><strong><img decoding=\"async\" class=\"size-full wp-image-216945 alignright\" src=\"https:\/\/capoeiradevalor.com\/wp-content\/uploads\/2026\/03\/SELO.jpg\" alt=\"\" width=\"231\" height=\"206\" \/><\/strong><\/p>\n<p style=\"text-align: left;\"><strong>APRESENTA\u00c7\u00c3O\u00a0 \u00a0\/\u00a0 <a href=\"https:\/\/forms.gle\/9JykExeAKCJDYT479\">\u00a0<span style=\"background-color: #000000;\"> <span style=\"color: #ffffff;\">INSCRI\u00c7\u00c3O AQUI\u00a0<\/span><\/span><\/a><\/strong><\/p>\n<p style=\"text-align: left;\">O Ponto de Cultura Capoeira de Valor inicia um ciclo de encontros e articula\u00e7\u00e3o <strong>ENTRE PONTOS DE CULTURA. <\/strong>Trata-se de uma imers\u00e3o entre diferentes territ\u00f3rios e pr\u00e1ticas culturais. O m\u00eas de mar\u00e7o marca o primeiro dos tr\u00eas encontros previstos para o primeiro semestre de 2026.\u00a0 As oficinas s\u00e3o gratuitas e com emiss\u00e3o de certificado aos participantes.<\/p>\n<p style=\"text-align: left;\">A primeira oficina de anuncia\u00e7\u00e3o \u00e9 a RODA do M\u00caS, dia 20 de mar\u00e7o no Ponto de Cultura Capoeira de Valor N\u00facleo Mestre C\u00edcero no centro de Campinas.<\/p>\n<p><strong>ENTRE PONTOS \u2013 Roda de Conversa <\/strong>\u00e9 uma a\u00e7\u00e3o cultural entre o Ponto de Cultura Capoeira de Valor e o Instituto Don\u00e9 Eleonora \u00a0(Ponto de Cultura Caminhos) da cidade de Hortol\u00e2ndia. Inscri\u00e7\u00e3o aqui <a href=\"https:\/\/forms.gle\/9JykExeAKCJDYT479\">https:\/\/forms.gle\/9JykExeAKCJDYT479<\/a><\/p>\n<p>S\u00e3o <strong>objetivos<\/strong> desta iniciativa:<\/p>\n<p>. Promover a articula\u00e7\u00e3o e di\u00e1logo entre os Pontos de Cultura Capoeira de Valor e Caminhos (Instituto Don\u00e9 Eleonora);<\/p>\n<p>. Divulgar as a\u00e7\u00f5es do Ponto de Cultura Capoeira de Valor e Ponto de Cultura Caminhos;<\/p>\n<p>. Fomentar a difus\u00e3o dos saberes das pr\u00e1ticas culturais por meio de roda de leitura, conversas, partilha de experi\u00eancias e roda de cantoria;<\/p>\n<p>. Movimentar a\u00e7\u00f5es do ponto em parceria com outros Pontos de Cultura observando os princ\u00edpios contidos na Lei Cultura Viva N\u00ba 13018\/2014<\/p>\n<p>Esses <strong>encontros s\u00e3o destinados<\/strong> aos praticantes de capoeira, alunos instrutores, professores e mestres do coletivo Capoeira de Valor, al\u00e9m de convidados de outros Pontos de Cultura.<\/p>\n<p><strong>Espera-se com a iniciativa <\/strong>o alargamento do repert\u00f3rio cultural e dos fundamentos elementares para o exerc\u00edcio saud\u00e1vel da capoeira, e de outras pr\u00e1ticas afro-brasileira. ENTRE PONTOS prop\u00f5e contribuir para a forma\u00e7\u00e3o educativa e amplia\u00e7\u00e3o da no\u00e7\u00e3o do patrim\u00f4nio cultural imaterial, e por \u00faltimo, uma provoca\u00e7\u00e3o para a conscientiza\u00e7\u00e3o da p<em>reserva\u00e7\u00e3o e valoriza\u00e7\u00e3o dos saberes da capoeiragem de Campinas e Regi\u00e3o.<\/em><\/p>\n<hr \/>\n<p>&nbsp;<\/p>\n<p><strong>1\u00ba &#8211; Encontro<\/strong> 20\/03\/26 &#8211; <strong>Roda do M\u00eas<\/strong><\/p>\n<p><strong><img fetchpriority=\"high\" decoding=\"async\" class=\"size-medium wp-image-216967 alignright\" src=\"https:\/\/capoeiradevalor.com\/wp-content\/uploads\/2026\/03\/arte-cv-Copia-300x295.png\" alt=\"\" width=\"300\" height=\"295\" srcset=\"https:\/\/capoeiradevalor.com\/wp-content\/uploads\/2026\/03\/arte-cv-Copia-300x295.png 300w, https:\/\/capoeiradevalor.com\/wp-content\/uploads\/2026\/03\/arte-cv-Copia.png 304w\" sizes=\"(max-width: 300px) 100vw, 300px\" \/> <\/strong><\/p>\n<p><strong>Ponto de Cultura Capoeira de Valor N\u00facleo Mestre C\u00edcero<\/strong><\/p>\n<p><strong>Apresenta\u00e7\u00e3o das Oficinas &#8211; <\/strong>Entre Pontos \u2013 Conversa de Cruzo.<\/p>\n<p><strong>Tema<\/strong>: Cultura Viva, Ponto de Cultura, Capoeira de Valor<\/p>\n<p><strong>Tarefas<\/strong>: Leituras e v\u00eddeos para conversa dispon\u00edveis no link abaixo.<\/p>\n<p><strong>Leitura <\/strong><\/p>\n<p>O que \u00e9 Cultura Viva, O que \u00e9 Ponto de Cultura?<\/p>\n<p>O Ponto de Cultura Capoeira de Valor<\/p>\n<p><strong>V\u00eddeos <\/strong><\/p>\n<p>1 &#8211; Ponto de Cultura<\/p>\n<p>2 &#8211; Pontos de Cultura e os conceitos da Cultura Viva | C\u00e9lio Turino<\/p>\n<p>3 &#8211; Caminhos da Reportagem | 20 anos de Cultura Viva<\/p>\n<p>4 \u2013 Capoeira de Valor Mestre C\u00edcero<\/p>\n<h3><strong>Baixar<\/strong><\/h3>\n<p>Texto &#8211;\u00a0<span style=\"background-color: #333333; color: #ffffff;\"><a style=\"color: #ffffff;\" href=\"https:\/\/capoeiradevalor.com\/wp-content\/uploads\/2026\/03\/Oficina-Entre-Pontos.pdf\">Oficina Entre Pontos<\/a><\/span><\/p>\n<p>Livro &#8211;\u00a0<span style=\"background-color: #333333; color: #ffffff;\"><a style=\"background-color: #333333; color: #ffffff;\" href=\"https:\/\/capoeiradevalor.com\/wp-content\/uploads\/2026\/03\/CELIO-TURINO-Ponto-de-Cultura_o-Brasil-de-baixo-para-cima_2010.pdf\">C\u00c9LIO TURINO &#8211; Ponto de Cultura_o Brasil de baixo para cima_2010<\/a><\/span><\/p>\n<hr \/>\n<p>&nbsp;<\/p>\n<p><strong>2\u00ba Encontro 18\/04 18h<\/strong><\/p>\n<p><strong>Ponto de Cultura Caminhos &#8211; Instituto Don\u00e9 Eleonora\u00a0<\/strong><br \/>\n<strong>Rua Jo\u00e3o Alves, 288. Jardim Adelaide Hortol\u00e2ndia &#8211; SP<\/strong><\/p>\n<p><strong><img fetchpriority=\"high\" decoding=\"async\" class=\"size-medium wp-image-216967 alignright\" src=\"https:\/\/capoeiradevalor.com\/wp-content\/uploads\/2026\/03\/arte-cv-Copia-300x295.png\" alt=\"\" width=\"300\" height=\"295\" srcset=\"https:\/\/capoeiradevalor.com\/wp-content\/uploads\/2026\/03\/arte-cv-Copia-300x295.png 300w, https:\/\/capoeiradevalor.com\/wp-content\/uploads\/2026\/03\/arte-cv-Copia.png 304w\" sizes=\"(max-width: 300px) 100vw, 300px\" \/> <\/strong><\/p>\n<p><strong>Roda de Conversa e Musicalidade<\/strong><br \/>\n<strong>Tema<\/strong>: Cultura Viva, Capoeira Tradi\u00e7\u00e3o\u00a0 ancestralidade<\/p>\n<p><strong>Tarefas<\/strong>: Participa\u00e7\u00e3o e leituras e v\u00eddeos para conversa dispon\u00edveis no link abaixo.<\/p>\n<p><strong>Leitura <\/strong><\/p>\n<p>O que \u00e9 Capoeira &#8211; Almir das Areias 1983<\/p>\n<p>Dossi\u00ea da Capoeira &#8211; IPHAN 2008<\/p>\n<p><strong>BAIXAR &#8211; Livros<\/strong><\/p>\n<p><span style=\"background-color: #000000;\"><a style=\"background-color: #000000;\" href=\"https:\/\/capoeiradevalor.com\/wp-content\/uploads\/2026\/04\/Livro-O-que-e-a-Capoeira-Almir-das-Areias.pdf\"><span style=\"color: #ffffff;\">\u00a0Livro O que \u00e9 a Capoeira &#8211; Almir das Areias<\/span>\u00a0<\/a><\/span><\/p>\n<p><span style=\"background-color: #000000; color: #ffffff;\"><a style=\"background-color: #000000; color: #ffffff;\" href=\"https:\/\/capoeiradevalor.com\/wp-content\/uploads\/2026\/04\/Dossie_capoeira.pdf\">\u00a0Dossi\u00ea_capoeira\u00a0<\/a><\/span><\/p>\n<p><strong>Informa\u00e7\u00f5es\u00a0<\/strong><\/p>\n<div id='gallery-1' class='gallery galleryid-216938 gallery-columns-3 gallery-size-full'><figure class='gallery-item'>\n\t\t\t<div class='gallery-icon portrait'>\n\t\t\t\t<a href='https:\/\/capoeiradevalor.com\/wp-content\/uploads\/2026\/04\/1.png'><img decoding=\"async\" width=\"1080\" height=\"1350\" src=\"https:\/\/capoeiradevalor.com\/wp-content\/uploads\/2026\/04\/1.png\" class=\"attachment-full size-full\" alt=\"\" srcset=\"https:\/\/capoeiradevalor.com\/wp-content\/uploads\/2026\/04\/1.png 1080w, https:\/\/capoeiradevalor.com\/wp-content\/uploads\/2026\/04\/1-240x300.png 240w, https:\/\/capoeiradevalor.com\/wp-content\/uploads\/2026\/04\/1-819x1024.png 819w, https:\/\/capoeiradevalor.com\/wp-content\/uploads\/2026\/04\/1-768x960.png 768w, https:\/\/capoeiradevalor.com\/wp-content\/uploads\/2026\/04\/1-696x870.png 696w, https:\/\/capoeiradevalor.com\/wp-content\/uploads\/2026\/04\/1-1068x1335.png 1068w, https:\/\/capoeiradevalor.com\/wp-content\/uploads\/2026\/04\/1-336x420.png 336w\" sizes=\"(max-width: 1080px) 100vw, 1080px\" \/><\/a>\n\t\t\t<\/div><\/figure><figure class='gallery-item'>\n\t\t\t<div class='gallery-icon portrait'>\n\t\t\t\t<a href='https:\/\/capoeiradevalor.com\/wp-content\/uploads\/2026\/04\/2.png'><img loading=\"lazy\" decoding=\"async\" width=\"1080\" height=\"1350\" src=\"https:\/\/capoeiradevalor.com\/wp-content\/uploads\/2026\/04\/2.png\" class=\"attachment-full size-full\" alt=\"\" srcset=\"https:\/\/capoeiradevalor.com\/wp-content\/uploads\/2026\/04\/2.png 1080w, https:\/\/capoeiradevalor.com\/wp-content\/uploads\/2026\/04\/2-240x300.png 240w, https:\/\/capoeiradevalor.com\/wp-content\/uploads\/2026\/04\/2-819x1024.png 819w, https:\/\/capoeiradevalor.com\/wp-content\/uploads\/2026\/04\/2-768x960.png 768w, https:\/\/capoeiradevalor.com\/wp-content\/uploads\/2026\/04\/2-696x870.png 696w, https:\/\/capoeiradevalor.com\/wp-content\/uploads\/2026\/04\/2-1068x1335.png 1068w, https:\/\/capoeiradevalor.com\/wp-content\/uploads\/2026\/04\/2-336x420.png 336w\" sizes=\"(max-width: 1080px) 100vw, 1080px\" \/><\/a>\n\t\t\t<\/div><\/figure><figure class='gallery-item'>\n\t\t\t<div class='gallery-icon portrait'>\n\t\t\t\t<a href='https:\/\/capoeiradevalor.com\/wp-content\/uploads\/2026\/04\/3.png'><img loading=\"lazy\" decoding=\"async\" width=\"1080\" height=\"1350\" src=\"https:\/\/capoeiradevalor.com\/wp-content\/uploads\/2026\/04\/3.png\" class=\"attachment-full size-full\" alt=\"\" srcset=\"https:\/\/capoeiradevalor.com\/wp-content\/uploads\/2026\/04\/3.png 1080w, https:\/\/capoeiradevalor.com\/wp-content\/uploads\/2026\/04\/3-240x300.png 240w, https:\/\/capoeiradevalor.com\/wp-content\/uploads\/2026\/04\/3-819x1024.png 819w, https:\/\/capoeiradevalor.com\/wp-content\/uploads\/2026\/04\/3-768x960.png 768w, https:\/\/capoeiradevalor.com\/wp-content\/uploads\/2026\/04\/3-696x870.png 696w, https:\/\/capoeiradevalor.com\/wp-content\/uploads\/2026\/04\/3-1068x1335.png 1068w, https:\/\/capoeiradevalor.com\/wp-content\/uploads\/2026\/04\/3-336x420.png 336w\" sizes=\"(max-width: 1080px) 100vw, 1080px\" \/><\/a>\n\t\t\t<\/div><\/figure><figure class='gallery-item'>\n\t\t\t<div class='gallery-icon portrait'>\n\t\t\t\t<a href='https:\/\/capoeiradevalor.com\/wp-content\/uploads\/2026\/04\/4.png'><img loading=\"lazy\" decoding=\"async\" width=\"1080\" height=\"1350\" src=\"https:\/\/capoeiradevalor.com\/wp-content\/uploads\/2026\/04\/4.png\" class=\"attachment-full size-full\" alt=\"\" srcset=\"https:\/\/capoeiradevalor.com\/wp-content\/uploads\/2026\/04\/4.png 1080w, https:\/\/capoeiradevalor.com\/wp-content\/uploads\/2026\/04\/4-240x300.png 240w, https:\/\/capoeiradevalor.com\/wp-content\/uploads\/2026\/04\/4-819x1024.png 819w, https:\/\/capoeiradevalor.com\/wp-content\/uploads\/2026\/04\/4-768x960.png 768w, https:\/\/capoeiradevalor.com\/wp-content\/uploads\/2026\/04\/4-696x870.png 696w, https:\/\/capoeiradevalor.com\/wp-content\/uploads\/2026\/04\/4-1068x1335.png 1068w, https:\/\/capoeiradevalor.com\/wp-content\/uploads\/2026\/04\/4-336x420.png 336w\" sizes=\"(max-width: 1080px) 100vw, 1080px\" \/><\/a>\n\t\t\t<\/div><\/figure><figure class='gallery-item'>\n\t\t\t<div class='gallery-icon portrait'>\n\t\t\t\t<a href='https:\/\/capoeiradevalor.com\/wp-content\/uploads\/2026\/04\/5.png'><img loading=\"lazy\" decoding=\"async\" width=\"1080\" height=\"1350\" src=\"https:\/\/capoeiradevalor.com\/wp-content\/uploads\/2026\/04\/5.png\" class=\"attachment-full size-full\" alt=\"\" srcset=\"https:\/\/capoeiradevalor.com\/wp-content\/uploads\/2026\/04\/5.png 1080w, https:\/\/capoeiradevalor.com\/wp-content\/uploads\/2026\/04\/5-240x300.png 240w, https:\/\/capoeiradevalor.com\/wp-content\/uploads\/2026\/04\/5-819x1024.png 819w, https:\/\/capoeiradevalor.com\/wp-content\/uploads\/2026\/04\/5-768x960.png 768w, https:\/\/capoeiradevalor.com\/wp-content\/uploads\/2026\/04\/5-696x870.png 696w, https:\/\/capoeiradevalor.com\/wp-content\/uploads\/2026\/04\/5-1068x1335.png 1068w, https:\/\/capoeiradevalor.com\/wp-content\/uploads\/2026\/04\/5-336x420.png 336w\" sizes=\"(max-width: 1080px) 100vw, 1080px\" \/><\/a>\n\t\t\t<\/div><\/figure><figure class='gallery-item'>\n\t\t\t<div class='gallery-icon portrait'>\n\t\t\t\t<a href='https:\/\/capoeiradevalor.com\/wp-content\/uploads\/2026\/04\/6.png'><img loading=\"lazy\" decoding=\"async\" width=\"1080\" height=\"1350\" src=\"https:\/\/capoeiradevalor.com\/wp-content\/uploads\/2026\/04\/6.png\" class=\"attachment-full size-full\" alt=\"\" srcset=\"https:\/\/capoeiradevalor.com\/wp-content\/uploads\/2026\/04\/6.png 1080w, https:\/\/capoeiradevalor.com\/wp-content\/uploads\/2026\/04\/6-240x300.png 240w, https:\/\/capoeiradevalor.com\/wp-content\/uploads\/2026\/04\/6-819x1024.png 819w, https:\/\/capoeiradevalor.com\/wp-content\/uploads\/2026\/04\/6-768x960.png 768w, https:\/\/capoeiradevalor.com\/wp-content\/uploads\/2026\/04\/6-696x870.png 696w, https:\/\/capoeiradevalor.com\/wp-content\/uploads\/2026\/04\/6-1068x1335.png 1068w, https:\/\/capoeiradevalor.com\/wp-content\/uploads\/2026\/04\/6-336x420.png 336w\" sizes=\"(max-width: 1080px) 100vw, 1080px\" \/><\/a>\n\t\t\t<\/div><\/figure><figure class='gallery-item'>\n\t\t\t<div class='gallery-icon portrait'>\n\t\t\t\t<a href='https:\/\/capoeiradevalor.com\/wp-content\/uploads\/2026\/04\/7.png'><img loading=\"lazy\" decoding=\"async\" width=\"1080\" height=\"1350\" src=\"https:\/\/capoeiradevalor.com\/wp-content\/uploads\/2026\/04\/7.png\" class=\"attachment-full size-full\" alt=\"\" srcset=\"https:\/\/capoeiradevalor.com\/wp-content\/uploads\/2026\/04\/7.png 1080w, https:\/\/capoeiradevalor.com\/wp-content\/uploads\/2026\/04\/7-240x300.png 240w, https:\/\/capoeiradevalor.com\/wp-content\/uploads\/2026\/04\/7-819x1024.png 819w, https:\/\/capoeiradevalor.com\/wp-content\/uploads\/2026\/04\/7-768x960.png 768w, https:\/\/capoeiradevalor.com\/wp-content\/uploads\/2026\/04\/7-696x870.png 696w, https:\/\/capoeiradevalor.com\/wp-content\/uploads\/2026\/04\/7-1068x1335.png 1068w, https:\/\/capoeiradevalor.com\/wp-content\/uploads\/2026\/04\/7-336x420.png 336w\" sizes=\"(max-width: 1080px) 100vw, 1080px\" \/><\/a>\n\t\t\t<\/div><\/figure><figure class='gallery-item'>\n\t\t\t<div class='gallery-icon portrait'>\n\t\t\t\t<a href='https:\/\/capoeiradevalor.com\/wp-content\/uploads\/2026\/04\/8.png'><img loading=\"lazy\" decoding=\"async\" width=\"1080\" height=\"1350\" src=\"https:\/\/capoeiradevalor.com\/wp-content\/uploads\/2026\/04\/8.png\" class=\"attachment-full size-full\" alt=\"\" srcset=\"https:\/\/capoeiradevalor.com\/wp-content\/uploads\/2026\/04\/8.png 1080w, https:\/\/capoeiradevalor.com\/wp-content\/uploads\/2026\/04\/8-240x300.png 240w, https:\/\/capoeiradevalor.com\/wp-content\/uploads\/2026\/04\/8-819x1024.png 819w, https:\/\/capoeiradevalor.com\/wp-content\/uploads\/2026\/04\/8-768x960.png 768w, https:\/\/capoeiradevalor.com\/wp-content\/uploads\/2026\/04\/8-696x870.png 696w, https:\/\/capoeiradevalor.com\/wp-content\/uploads\/2026\/04\/8-1068x1335.png 1068w, https:\/\/capoeiradevalor.com\/wp-content\/uploads\/2026\/04\/8-336x420.png 336w\" sizes=\"(max-width: 1080px) 100vw, 1080px\" \/><\/a>\n\t\t\t<\/div><\/figure><figure class='gallery-item'>\n\t\t\t<div class='gallery-icon portrait'>\n\t\t\t\t<a href='https:\/\/capoeiradevalor.com\/wp-content\/uploads\/2026\/04\/9.png'><img loading=\"lazy\" decoding=\"async\" width=\"1080\" height=\"1350\" src=\"https:\/\/capoeiradevalor.com\/wp-content\/uploads\/2026\/04\/9.png\" class=\"attachment-full size-full\" alt=\"\" srcset=\"https:\/\/capoeiradevalor.com\/wp-content\/uploads\/2026\/04\/9.png 1080w, https:\/\/capoeiradevalor.com\/wp-content\/uploads\/2026\/04\/9-240x300.png 240w, https:\/\/capoeiradevalor.com\/wp-content\/uploads\/2026\/04\/9-819x1024.png 819w, https:\/\/capoeiradevalor.com\/wp-content\/uploads\/2026\/04\/9-768x960.png 768w, https:\/\/capoeiradevalor.com\/wp-content\/uploads\/2026\/04\/9-696x870.png 696w, https:\/\/capoeiradevalor.com\/wp-content\/uploads\/2026\/04\/9-1068x1335.png 1068w, https:\/\/capoeiradevalor.com\/wp-content\/uploads\/2026\/04\/9-336x420.png 336w\" sizes=\"(max-width: 1080px) 100vw, 1080px\" \/><\/a>\n\t\t\t<\/div><\/figure>\n\t\t<\/div>\n\n<p>&nbsp;<\/p>\n","protected":false},"excerpt":{"rendered":"<p>APRESENTA\u00c7\u00c3O\u00a0 \u00a0\/\u00a0 \u00a0 INSCRI\u00c7\u00c3O AQUI\u00a0 O Ponto de Cultura Capoeira de Valor inicia um ciclo de encontros e articula\u00e7\u00e3o ENTRE PONTOS DE CULTURA. Trata-se de uma imers\u00e3o entre diferentes territ\u00f3rios e pr\u00e1ticas culturais. O m\u00eas de mar\u00e7o marca o primeiro dos tr\u00eas encontros previstos para o primeiro semestre de 2026.\u00a0 As oficinas s\u00e3o gratuitas e [&hellip;]<\/p>\n","protected":false},"author":1,"featured_media":0,"parent":0,"menu_order":0,"comment_status":"closed","ping_status":"closed","template":"","meta":{"om_disable_all_campaigns":false,"_monsterinsights_skip_tracking":false,"_monsterinsights_sitenote_active":false,"_monsterinsights_sitenote_note":"","_monsterinsights_sitenote_category":0,"_joinchat":[],"footnotes":""},"aioseo_notices":[],"_links":{"self":[{"href":"https:\/\/capoeiradevalor.com\/index.php\/wp-json\/wp\/v2\/pages\/216938"}],"collection":[{"href":"https:\/\/capoeiradevalor.com\/index.php\/wp-json\/wp\/v2\/pages"}],"about":[{"href":"https:\/\/capoeiradevalor.com\/index.php\/wp-json\/wp\/v2\/types\/page"}],"author":[{"embeddable":true,"href":"https:\/\/capoeiradevalor.com\/index.php\/wp-json\/wp\/v2\/users\/1"}],"replies":[{"embeddable":true,"href":"https:\/\/capoeiradevalor.com\/index.php\/wp-json\/wp\/v2\/comments?post=216938"}],"version-history":[{"count":21,"href":"https:\/\/capoeiradevalor.com\/index.php\/wp-json\/wp\/v2\/pages\/216938\/revisions"}],"predecessor-version":[{"id":216996,"href":"https:\/\/capoeiradevalor.com\/index.php\/wp-json\/wp\/v2\/pages\/216938\/revisions\/216996"}],"wp:attachment":[{"href":"https:\/\/capoeiradevalor.com\/index.php\/wp-json\/wp\/v2\/media?parent=216938"}],"curies":[{"name":"wp","href":"https:\/\/api.w.org\/{rel}","templated":true}]}}